{"id":659,"date":"2024-07-31T08:28:49","date_gmt":"2024-07-31T12:28:49","guid":{"rendered":"https:\/\/www.prosalud.org\/?page_id=659"},"modified":"2024-07-31T08:31:20","modified_gmt":"2024-07-31T12:31:20","slug":"proyecto-2","status":"publish","type":"page","link":"https:\/\/www.prosalud.org\/?page_id=659","title":{"rendered":"Proyecto"},"content":{"rendered":"\n<h2 class=\"wp-block-heading\">Proyecto PROCOSI &#8211; <strong>Identificaci\u00f3n temprana de lesiones cervicouterinas &#8211; Inspecci\u00f3n Visual con \u00c1cido Ac\u00e9tico (IVAA)<\/strong><\/h2>\n\n\n\n<p><\/p>\n\n\n\n<ul class=\"wp-block-list\">\n<li><strong>Objetivo del proyecto<\/strong><\/li>\n<\/ul>\n\n\n\n<p>Contribuir a mejorar la detecci\u00f3n temprana de lesiones cervicouterinas mediante tamizaje por Inspecci\u00f3n Visual con \u00c1cido Ac\u00e9tico (IVAA).<\/p>\n\n\n\n<ul class=\"wp-block-list\">\n<li><strong>Alcance<\/strong><\/li>\n<\/ul>\n\n\n\n<p>El problema respecto a los \u00edndices de c\u00e1ncer cervicouterino es com\u00fan en todos los municipios del pa\u00eds, el proyecto implemento acciones en municipios con los cuales ya se ha logrado alianzas colaborativas y resultados positivos en trabajos conjuntos anteriores.<\/p>\n\n\n\n<p>Se trabajo en Municipios del departamento de Santa Cruz ubicado en el norte del departamento como lo son Montero (150 mil hab.), Fern\u00e1ndez Alonzo (20 mil hab.) y San Pedro (20 mil hab.); adem\u00e1s en la Chiquitania, espec\u00edficamente en los municipios de San Ram\u00f3n (10 mil hab.), San Javier (15 mil hab.) y Concepci\u00f3n (20 mil hab.).<\/p>\n\n\n\n<p>Los beneficiarios fueron aproximadamente 1.500 mujeres de entre 25 y 60 a\u00f1os de edad del Norte Integrado y la Chiquitania, que viven en los municipios de Montero, San Pedro, Fern\u00e1ndez Alonzo, San Ram\u00f3n, San Javier y Concepci\u00f3n y los beneficiarios indirectos se constituyen todas las familias y los lugares de trabajo de las beneficiaras directas porque el tener controlada su salud, al menos en lo que a c\u00e1ncer cervicouterino se refiere, genera tranquilidad en sus familias y les permite desarrollar sus funciones de mejor manera sin esa preocupaci\u00f3n acech\u00e1ndolas permanentemente.<\/p>\n\n\n<div class=\"pgc-sgb-cb wp-block-pgcsimplygalleryblock-grid \" data-gallery-id=\"f9f05333\"><div class=\"sgb-preloader\" id=\"pr_f9f05333\">\n\t<div class=\"sgb-square\" style=\"background:#d4d4d4\"><\/div>\n\t<div class=\"sgb-square\" style=\"background:#d4d4d4\"><\/div>\n\t<div class=\"sgb-square\" style=\"background:#d4d4d4\"><\/div>\n\t<div class=\"sgb-square\" style=\"background:#d4d4d4\"><\/div><\/div><div class=\"simply-gallery-amp pgc_sgb_slider \" style=\"display: none;\"><div class=\"sgb-gallery\"><div class=\"sgb-item\"><a href=\"https:\/\/www.prosalud.org\/?attachment_id=661#main\" target=\"_blank\"><img decoding=\"async\" alt=\"\" width=\"300\" height=\"225\" loading=\"lazy\" src=\"https:\/\/www.prosalud.org\/wp-content\/uploads\/2024\/07\/Unidad-Movil-Comunidad-Coronacion-Chiquitania-300x225.jpg\" srcset=\"https:\/\/www.prosalud.org\/wp-content\/uploads\/2024\/07\/Unidad-Movil-Comunidad-Coronacion-Chiquitania-300x225.jpg 300w,https:\/\/www.prosalud.org\/wp-content\/uploads\/2024\/07\/Unidad-Movil-Comunidad-Coronacion-Chiquitania-1024x768.jpg 1024w,https:\/\/www.prosalud.org\/wp-content\/uploads\/2024\/07\/Unidad-Movil-Comunidad-Coronacion-Chiquitania.jpg 1500w\" sizes=\"auto, 250px\"\/><\/a><\/div><div class=\"sgb-item\"><a href=\"https:\/\/www.prosalud.org\/?attachment_id=662#main\" target=\"_blank\"><img decoding=\"async\" alt=\"\" width=\"300\" height=\"225\" loading=\"lazy\" src=\"https:\/\/www.prosalud.org\/wp-content\/uploads\/2024\/07\/Centro-de-Salud-Mario-Daza-Cronembol-Minero-1-300x225.png\" srcset=\"https:\/\/www.prosalud.org\/wp-content\/uploads\/2024\/07\/Centro-de-Salud-Mario-Daza-Cronembol-Minero-1-300x225.png 300w,https:\/\/www.prosalud.org\/wp-content\/uploads\/2024\/07\/Centro-de-Salud-Mario-Daza-Cronembol-Minero-1-1024x768.png 1024w,https:\/\/www.prosalud.org\/wp-content\/uploads\/2024\/07\/Centro-de-Salud-Mario-Daza-Cronembol-Minero-1.png 1500w\" sizes=\"auto, 250px\"\/><\/a><\/div><div class=\"sgb-item\"><a href=\"https:\/\/www.prosalud.org\/?attachment_id=663#main\" target=\"_blank\"><img decoding=\"async\" alt=\"\" width=\"300\" height=\"225\" loading=\"lazy\" src=\"https:\/\/www.prosalud.org\/wp-content\/uploads\/2024\/07\/Centro-de-Salud-Mario-Daza-Cronembol-Minero-300x225.png\" srcset=\"https:\/\/www.prosalud.org\/wp-content\/uploads\/2024\/07\/Centro-de-Salud-Mario-Daza-Cronembol-Minero-300x225.png 300w,https:\/\/www.prosalud.org\/wp-content\/uploads\/2024\/07\/Centro-de-Salud-Mario-Daza-Cronembol-Minero-1024x768.png 1024w,https:\/\/www.prosalud.org\/wp-content\/uploads\/2024\/07\/Centro-de-Salud-Mario-Daza-Cronembol-Minero.png 1600w\" sizes=\"auto, 250px\"\/><\/a><\/div><div class=\"sgb-item\"><a href=\"https:\/\/www.prosalud.org\/?attachment_id=664#main\" target=\"_blank\"><img decoding=\"async\" alt=\"\" width=\"300\" height=\"264\" loading=\"lazy\" src=\"https:\/\/www.prosalud.org\/wp-content\/uploads\/2024\/07\/Centro-de-Salud-Sagrada-Familia-Montero-300x264.jpg\" srcset=\"https:\/\/www.prosalud.org\/wp-content\/uploads\/2024\/07\/Centro-de-Salud-Sagrada-Familia-Montero-300x264.jpg 300w,https:\/\/www.prosalud.org\/wp-content\/uploads\/2024\/07\/Centro-de-Salud-Sagrada-Familia-Montero-1024x902.jpg 1024w,https:\/\/www.prosalud.org\/wp-content\/uploads\/2024\/07\/Centro-de-Salud-Sagrada-Familia-Montero.jpg 1363w\" sizes=\"auto, 250px\"\/><\/a><\/div><div class=\"sgb-item\"><a href=\"https:\/\/www.prosalud.org\/?attachment_id=666#main\" target=\"_blank\"><img decoding=\"async\" alt=\"\" width=\"300\" height=\"289\" loading=\"lazy\" src=\"https:\/\/www.prosalud.org\/wp-content\/uploads\/2024\/07\/Centro-de-Salud-Aguai-Norte-Integrado-300x289.jpg\" srcset=\"https:\/\/www.prosalud.org\/wp-content\/uploads\/2024\/07\/Centro-de-Salud-Aguai-Norte-Integrado-300x289.jpg 300w,https:\/\/www.prosalud.org\/wp-content\/uploads\/2024\/07\/Centro-de-Salud-Aguai-Norte-Integrado-1024x986.jpg 1024w,https:\/\/www.prosalud.org\/wp-content\/uploads\/2024\/07\/Centro-de-Salud-Aguai-Norte-Integrado.jpg 1151w\" sizes=\"auto, 250px\"\/><\/a><\/div><div class=\"sgb-item\"><a href=\"https:\/\/www.prosalud.org\/?attachment_id=667#main\" target=\"_blank\"><img decoding=\"async\" alt=\"\" width=\"300\" height=\"225\" loading=\"lazy\" src=\"https:\/\/www.prosalud.org\/wp-content\/uploads\/2024\/07\/Comunidad-Santa-Rosa-de-la-Mina-Chiquitania-300x225.jpg\" srcset=\"https:\/\/www.prosalud.org\/wp-content\/uploads\/2024\/07\/Comunidad-Santa-Rosa-de-la-Mina-Chiquitania-300x225.jpg 300w,https:\/\/www.prosalud.org\/wp-content\/uploads\/2024\/07\/Comunidad-Santa-Rosa-de-la-Mina-Chiquitania-1024x768.jpg 1024w,https:\/\/www.prosalud.org\/wp-content\/uploads\/2024\/07\/Comunidad-Santa-Rosa-de-la-Mina-Chiquitania.jpg 1500w\" sizes=\"auto, 250px\"\/><\/a><\/div><div class=\"sgb-item\"><a href=\"https:\/\/www.prosalud.org\/?attachment_id=668#main\" target=\"_blank\"><img decoding=\"async\" alt=\"\" width=\"218\" height=\"300\" loading=\"lazy\" src=\"https:\/\/www.prosalud.org\/wp-content\/uploads\/2024\/07\/Consultorio-Medico-en-Unidad-Movil-Norte-Integrado-218x300.jpg\" srcset=\"https:\/\/www.prosalud.org\/wp-content\/uploads\/2024\/07\/Consultorio-Medico-en-Unidad-Movil-Norte-Integrado-218x300.jpg 218w,https:\/\/www.prosalud.org\/wp-content\/uploads\/2024\/07\/Consultorio-Medico-en-Unidad-Movil-Norte-Integrado-744x1024.jpg 744w,https:\/\/www.prosalud.org\/wp-content\/uploads\/2024\/07\/Consultorio-Medico-en-Unidad-Movil-Norte-Integrado.jpg 983w\" sizes=\"auto, 250px\"\/><\/a><\/div><div class=\"sgb-item\"><a href=\"https:\/\/www.prosalud.org\/?attachment_id=669#main\" target=\"_blank\"><img decoding=\"async\" alt=\"\" width=\"300\" height=\"236\" loading=\"lazy\" src=\"https:\/\/www.prosalud.org\/wp-content\/uploads\/2024\/07\/Hospital-Dr.-Nicolas-Ortiz-Portachuelo-300x236.jpg\" srcset=\"https:\/\/www.prosalud.org\/wp-content\/uploads\/2024\/07\/Hospital-Dr.-Nicolas-Ortiz-Portachuelo-300x236.jpg 300w,https:\/\/www.prosalud.org\/wp-content\/uploads\/2024\/07\/Hospital-Dr.-Nicolas-Ortiz-Portachuelo-1024x806.jpg 1024w,https:\/\/www.prosalud.org\/wp-content\/uploads\/2024\/07\/Hospital-Dr.-Nicolas-Ortiz-Portachuelo.jpg 1525w\" sizes=\"auto, 250px\"\/><\/a><\/div><div class=\"sgb-item\"><a href=\"https:\/\/www.prosalud.org\/?attachment_id=670#main\" target=\"_blank\"><img decoding=\"async\" alt=\"\" width=\"300\" height=\"225\" loading=\"lazy\" src=\"https:\/\/www.prosalud.org\/wp-content\/uploads\/2024\/07\/Hospital-Municipal-de-San-Javier-Chiquitania-300x225.jpg\" srcset=\"https:\/\/www.prosalud.org\/wp-content\/uploads\/2024\/07\/Hospital-Municipal-de-San-Javier-Chiquitania-300x225.jpg 300w,https:\/\/www.prosalud.org\/wp-content\/uploads\/2024\/07\/Hospital-Municipal-de-San-Javier-Chiquitania-1024x768.jpg 1024w,https:\/\/www.prosalud.org\/wp-content\/uploads\/2024\/07\/Hospital-Municipal-de-San-Javier-Chiquitania.jpg 1500w\" sizes=\"auto, 250px\"\/><\/a><\/div><div class=\"sgb-item\"><a href=\"https:\/\/www.prosalud.org\/?attachment_id=671#main\" target=\"_blank\"><img decoding=\"async\" alt=\"\" width=\"300\" height=\"225\" loading=\"lazy\" src=\"https:\/\/www.prosalud.org\/wp-content\/uploads\/2024\/07\/Hospital-San-Martin-de-Porres-Montero-300x225.jpg\" srcset=\"https:\/\/www.prosalud.org\/wp-content\/uploads\/2024\/07\/Hospital-San-Martin-de-Porres-Montero-300x225.jpg 300w,https:\/\/www.prosalud.org\/wp-content\/uploads\/2024\/07\/Hospital-San-Martin-de-Porres-Montero-1024x768.jpg 1024w,https:\/\/www.prosalud.org\/wp-content\/uploads\/2024\/07\/Hospital-San-Martin-de-Porres-Montero.jpg 1600w\" sizes=\"auto, 250px\"\/><\/a><\/div><div class=\"sgb-item\"><a href=\"https:\/\/www.prosalud.org\/?attachment_id=672#main\" target=\"_blank\"><img decoding=\"async\" alt=\"\" width=\"300\" height=\"225\" loading=\"lazy\" src=\"https:\/\/www.prosalud.org\/wp-content\/uploads\/2024\/07\/Mercado-German-Moreno-Montero-300x225.jpg\" srcset=\"https:\/\/www.prosalud.org\/wp-content\/uploads\/2024\/07\/Mercado-German-Moreno-Montero-300x225.jpg 300w,https:\/\/www.prosalud.org\/wp-content\/uploads\/2024\/07\/Mercado-German-Moreno-Montero-1024x768.jpg 1024w,https:\/\/www.prosalud.org\/wp-content\/uploads\/2024\/07\/Mercado-German-Moreno-Montero.jpg 1600w\" sizes=\"auto, 250px\"\/><\/a><\/div><div class=\"sgb-item\"><a href=\"https:\/\/www.prosalud.org\/?attachment_id=673#main\" target=\"_blank\"><img decoding=\"async\" alt=\"\" width=\"225\" height=\"300\" loading=\"lazy\" src=\"https:\/\/www.prosalud.org\/wp-content\/uploads\/2024\/07\/Personal-de-Salud-Brinda-informacion-Hosital-Municipal-de-Concepcion-Chiquitania-225x300.jpg\" srcset=\"https:\/\/www.prosalud.org\/wp-content\/uploads\/2024\/07\/Personal-de-Salud-Brinda-informacion-Hosital-Municipal-de-Concepcion-Chiquitania-225x300.jpg 225w,https:\/\/www.prosalud.org\/wp-content\/uploads\/2024\/07\/Personal-de-Salud-Brinda-informacion-Hosital-Municipal-de-Concepcion-Chiquitania-768x1024.jpg 768w,https:\/\/www.prosalud.org\/wp-content\/uploads\/2024\/07\/Personal-de-Salud-Brinda-informacion-Hosital-Municipal-de-Concepcion-Chiquitania.jpg 1200w\" sizes=\"auto, 250px\"\/><\/a><\/div><div class=\"sgb-item\"><a href=\"https:\/\/www.prosalud.org\/?attachment_id=674#main\" target=\"_blank\"><img decoding=\"async\" alt=\"\" width=\"225\" height=\"300\" loading=\"lazy\" src=\"https:\/\/www.prosalud.org\/wp-content\/uploads\/2024\/07\/Personal-de-Salud-Brindando-informacion-Norte-Integrado-225x300.jpg\" srcset=\"https:\/\/www.prosalud.org\/wp-content\/uploads\/2024\/07\/Personal-de-Salud-Brindando-informacion-Norte-Integrado-225x300.jpg 225w,https:\/\/www.prosalud.org\/wp-content\/uploads\/2024\/07\/Personal-de-Salud-Brindando-informacion-Norte-Integrado-768x1024.jpg 768w,https:\/\/www.prosalud.org\/wp-content\/uploads\/2024\/07\/Personal-de-Salud-Brindando-informacion-Norte-Integrado.jpg 1200w\" sizes=\"auto, 250px\"\/><\/a><\/div><\/div><\/div><script type=\"application\/json\" class=\"sgb-data\">{\"thumbHieghtRation\":0.7,\"collectionThumbRecomendedWidth\":250,\"thumbSpacing\":25,\"externalLink\":false,\"captions\":false,\"collectionthumbRoundedCorners\":4,\"collectionThumbSubMenuDownload\":false,\"collectionThumbSubMenuShare\":false,\"galleryType\":\"pgc_sgb_grid\",\"galleryId\":\"f9f05333\",\"images\":[{\"id\":661,\"title\":\"Unidad M\u00f2vil - Comunidad Coronaci\u00f2n - Chiquitan\u00eca\",\"url\":\"https:\/\/www.prosalud.org\/wp-content\/uploads\/2024\/07\/Unidad-Movil-Comunidad-Coronacion-Chiquitania.jpg\",\"link\":\"https:\/\/www.prosalud.org\/?attachment_id=661#main\",\"alt\":\"\",\"description\":\"\",\"caption\":\"\",\"mime\":\"image\/jpeg\",\"type\":\"image\",\"width\":1500,\"height\":1125,\"sizes\":{\"thumbnail\":{\"height\":150,\"width\":150,\"url\":\"https:\/\/www.prosalud.org\/wp-content\/uploads\/2024\/07\/Unidad-Movil-Comunidad-Coronacion-Chiquitania-150x150.jpg\",\"orientation\":\"landscape\"},\"medium\":{\"height\":225,\"width\":300,\"url\":\"https:\/\/www.prosalud.org\/wp-content\/uploads\/2024\/07\/Unidad-Movil-Comunidad-Coronacion-Chiquitania-300x225.jpg\",\"orientation\":\"landscape\"},\"large\":{\"height\":768,\"width\":1024,\"url\":\"https:\/\/www.prosalud.org\/wp-content\/uploads\/2024\/07\/Unidad-Movil-Comunidad-Coronacion-Chiquitania-1024x768.jpg\",\"orientation\":\"landscape\"},\"full\":{\"url\":\"https:\/\/www.prosalud.org\/wp-content\/uploads\/2024\/07\/Unidad-Movil-Comunidad-Coronacion-Chiquitania.jpg\",\"height\":1125,\"width\":1500,\"orientation\":\"landscape\"}},\"imageMeta\":{\"aperture\":\"0\",\"credit\":\"\",\"camera\":\"\",\"caption\":\"\",\"created_timestamp\":\"0\",\"copyright\":\"\",\"focal_length\":\"0\",\"iso\":\"0\",\"shutter_speed\":\"0\",\"title\":\"\",\"orientation\":\"0\",\"keywords\":[]},\"meta\":false,\"postlink\":\"https:\/\/www.prosalud.org\/?attachment_id=661#main\"},{\"id\":662,\"title\":\"Centro de Salud - Mario Daza Cronembol - Minero 1\",\"url\":\"https:\/\/www.prosalud.org\/wp-content\/uploads\/2024\/07\/Centro-de-Salud-Mario-Daza-Cronembol-Minero-1.png\",\"link\":\"https:\/\/www.prosalud.org\/?attachment_id=662#main\",\"alt\":\"\",\"description\":\"\",\"caption\":\"\",\"mime\":\"image\/png\",\"type\":\"image\",\"width\":1500,\"height\":1125,\"sizes\":{\"thumbnail\":{\"height\":150,\"width\":150,\"url\":\"https:\/\/www.prosalud.org\/wp-content\/uploads\/2024\/07\/Centro-de-Salud-Mario-Daza-Cronembol-Minero-1-150x150.png\",\"orientation\":\"landscape\"},\"medium\":{\"height\":225,\"width\":300,\"url\":\"https:\/\/www.prosalud.org\/wp-content\/uploads\/2024\/07\/Centro-de-Salud-Mario-Daza-Cronembol-Minero-1-300x225.png\",\"orientation\":\"landscape\"},\"large\":{\"height\":768,\"width\":1024,\"url\":\"https:\/\/www.prosalud.org\/wp-content\/uploads\/2024\/07\/Centro-de-Salud-Mario-Daza-Cronembol-Minero-1-1024x768.png\",\"orientation\":\"landscape\"},\"full\":{\"url\":\"https:\/\/www.prosalud.org\/wp-content\/uploads\/2024\/07\/Centro-de-Salud-Mario-Daza-Cronembol-Minero-1.png\",\"height\":1125,\"width\":1500,\"orientation\":\"landscape\"}},\"imageMeta\":{\"aperture\":\"0\",\"credit\":\"\",\"camera\":\"\",\"caption\":\"\",\"created_timestamp\":\"0\",\"copyright\":\"\",\"focal_length\":\"0\",\"iso\":\"0\",\"shutter_speed\":\"0\",\"title\":\"\",\"orientation\":\"0\",\"keywords\":[]},\"meta\":false,\"postlink\":\"https:\/\/www.prosalud.org\/?attachment_id=662#main\"},{\"id\":663,\"title\":\"Centro de Salud - Mario Daza Cronembol - Minero\",\"url\":\"https:\/\/www.prosalud.org\/wp-content\/uploads\/2024\/07\/Centro-de-Salud-Mario-Daza-Cronembol-Minero.png\",\"link\":\"https:\/\/www.prosalud.org\/?attachment_id=663#main\",\"alt\":\"\",\"description\":\"\",\"caption\":\"\",\"mime\":\"image\/png\",\"type\":\"image\",\"width\":1600,\"height\":1200,\"sizes\":{\"thumbnail\":{\"height\":150,\"width\":150,\"url\":\"https:\/\/www.prosalud.org\/wp-content\/uploads\/2024\/07\/Centro-de-Salud-Mario-Daza-Cronembol-Minero-150x150.png\",\"orientation\":\"landscape\"},\"medium\":{\"height\":225,\"width\":300,\"url\":\"https:\/\/www.prosalud.org\/wp-content\/uploads\/2024\/07\/Centro-de-Salud-Mario-Daza-Cronembol-Minero-300x225.png\",\"orientation\":\"landscape\"},\"large\":{\"height\":768,\"width\":1024,\"url\":\"https:\/\/www.prosalud.org\/wp-content\/uploads\/2024\/07\/Centro-de-Salud-Mario-Daza-Cronembol-Minero-1024x768.png\",\"orientation\":\"landscape\"},\"full\":{\"url\":\"https:\/\/www.prosalud.org\/wp-content\/uploads\/2024\/07\/Centro-de-Salud-Mario-Daza-Cronembol-Minero.png\",\"height\":1200,\"width\":1600,\"orientation\":\"landscape\"}},\"imageMeta\":{\"aperture\":\"0\",\"credit\":\"\",\"camera\":\"\",\"caption\":\"\",\"created_timestamp\":\"0\",\"copyright\":\"\",\"focal_length\":\"0\",\"iso\":\"0\",\"shutter_speed\":\"0\",\"title\":\"\",\"orientation\":\"0\",\"keywords\":[]},\"meta\":false,\"postlink\":\"https:\/\/www.prosalud.org\/?attachment_id=663#main\"},{\"id\":664,\"title\":\"Centro de Salud Sagrada Familia - Montero\",\"url\":\"https:\/\/www.prosalud.org\/wp-content\/uploads\/2024\/07\/Centro-de-Salud-Sagrada-Familia-Montero.jpg\",\"link\":\"https:\/\/www.prosalud.org\/?attachment_id=664#main\",\"alt\":\"\",\"description\":\"\",\"caption\":\"\",\"mime\":\"image\/jpeg\",\"type\":\"image\",\"width\":1363,\"height\":1200,\"sizes\":{\"thumbnail\":{\"height\":150,\"width\":150,\"url\":\"https:\/\/www.prosalud.org\/wp-content\/uploads\/2024\/07\/Centro-de-Salud-Sagrada-Familia-Montero-150x150.jpg\",\"orientation\":\"landscape\"},\"medium\":{\"height\":264,\"width\":300,\"url\":\"https:\/\/www.prosalud.org\/wp-content\/uploads\/2024\/07\/Centro-de-Salud-Sagrada-Familia-Montero-300x264.jpg\",\"orientation\":\"landscape\"},\"large\":{\"height\":902,\"width\":1024,\"url\":\"https:\/\/www.prosalud.org\/wp-content\/uploads\/2024\/07\/Centro-de-Salud-Sagrada-Familia-Montero-1024x902.jpg\",\"orientation\":\"landscape\"},\"full\":{\"url\":\"https:\/\/www.prosalud.org\/wp-content\/uploads\/2024\/07\/Centro-de-Salud-Sagrada-Familia-Montero.jpg\",\"height\":1200,\"width\":1363,\"orientation\":\"landscape\"}},\"imageMeta\":{\"aperture\":\"0\",\"credit\":\"\",\"camera\":\"\",\"caption\":\"\",\"created_timestamp\":\"0\",\"copyright\":\"\",\"focal_length\":\"0\",\"iso\":\"0\",\"shutter_speed\":\"0\",\"title\":\"\",\"orientation\":\"0\",\"keywords\":[]},\"meta\":false,\"postlink\":\"https:\/\/www.prosalud.org\/?attachment_id=664#main\"},{\"id\":666,\"title\":\"Centro de Salud Agua\u00ec - Norte Integrado\",\"url\":\"https:\/\/www.prosalud.org\/wp-content\/uploads\/2024\/07\/Centro-de-Salud-Aguai-Norte-Integrado.jpg\",\"link\":\"https:\/\/www.prosalud.org\/?attachment_id=666#main\",\"alt\":\"\",\"description\":\"\",\"caption\":\"\",\"mime\":\"image\/jpeg\",\"type\":\"image\",\"width\":1151,\"height\":1108,\"sizes\":{\"thumbnail\":{\"height\":150,\"width\":150,\"url\":\"https:\/\/www.prosalud.org\/wp-content\/uploads\/2024\/07\/Centro-de-Salud-Aguai-Norte-Integrado-150x150.jpg\",\"orientation\":\"landscape\"},\"medium\":{\"height\":289,\"width\":300,\"url\":\"https:\/\/www.prosalud.org\/wp-content\/uploads\/2024\/07\/Centro-de-Salud-Aguai-Norte-Integrado-300x289.jpg\",\"orientation\":\"landscape\"},\"large\":{\"height\":986,\"width\":1024,\"url\":\"https:\/\/www.prosalud.org\/wp-content\/uploads\/2024\/07\/Centro-de-Salud-Aguai-Norte-Integrado-1024x986.jpg\",\"orientation\":\"landscape\"},\"full\":{\"url\":\"https:\/\/www.prosalud.org\/wp-content\/uploads\/2024\/07\/Centro-de-Salud-Aguai-Norte-Integrado.jpg\",\"height\":1108,\"width\":1151,\"orientation\":\"landscape\"}},\"imageMeta\":{\"aperture\":\"0\",\"credit\":\"\",\"camera\":\"\",\"caption\":\"\",\"created_timestamp\":\"0\",\"copyright\":\"\",\"focal_length\":\"0\",\"iso\":\"0\",\"shutter_speed\":\"0\",\"title\":\"\",\"orientation\":\"0\",\"keywords\":[]},\"meta\":false,\"postlink\":\"https:\/\/www.prosalud.org\/?attachment_id=666#main\"},{\"id\":667,\"title\":\"Comunidad Santa Rosa de la Mina Chiquitan\u00eca\",\"url\":\"https:\/\/www.prosalud.org\/wp-content\/uploads\/2024\/07\/Comunidad-Santa-Rosa-de-la-Mina-Chiquitania.jpg\",\"link\":\"https:\/\/www.prosalud.org\/?attachment_id=667#main\",\"alt\":\"\",\"description\":\"\",\"caption\":\"\",\"mime\":\"image\/jpeg\",\"type\":\"image\",\"width\":1500,\"height\":1125,\"sizes\":{\"thumbnail\":{\"height\":150,\"width\":150,\"url\":\"https:\/\/www.prosalud.org\/wp-content\/uploads\/2024\/07\/Comunidad-Santa-Rosa-de-la-Mina-Chiquitania-150x150.jpg\",\"orientation\":\"landscape\"},\"medium\":{\"height\":225,\"width\":300,\"url\":\"https:\/\/www.prosalud.org\/wp-content\/uploads\/2024\/07\/Comunidad-Santa-Rosa-de-la-Mina-Chiquitania-300x225.jpg\",\"orientation\":\"landscape\"},\"large\":{\"height\":768,\"width\":1024,\"url\":\"https:\/\/www.prosalud.org\/wp-content\/uploads\/2024\/07\/Comunidad-Santa-Rosa-de-la-Mina-Chiquitania-1024x768.jpg\",\"orientation\":\"landscape\"},\"full\":{\"url\":\"https:\/\/www.prosalud.org\/wp-content\/uploads\/2024\/07\/Comunidad-Santa-Rosa-de-la-Mina-Chiquitania.jpg\",\"height\":1125,\"width\":1500,\"orientation\":\"landscape\"}},\"imageMeta\":{\"aperture\":\"0\",\"credit\":\"\",\"camera\":\"\",\"caption\":\"\",\"created_timestamp\":\"0\",\"copyright\":\"\",\"focal_length\":\"0\",\"iso\":\"0\",\"shutter_speed\":\"0\",\"title\":\"\",\"orientation\":\"0\",\"keywords\":[]},\"meta\":false,\"postlink\":\"https:\/\/www.prosalud.org\/?attachment_id=667#main\"},{\"id\":668,\"title\":\"Consultorio M\u00e8dico en Unidad M\u00f2vil - Norte Integrado\",\"url\":\"https:\/\/www.prosalud.org\/wp-content\/uploads\/2024\/07\/Consultorio-Medico-en-Unidad-Movil-Norte-Integrado.jpg\",\"link\":\"https:\/\/www.prosalud.org\/?attachment_id=668#main\",\"alt\":\"\",\"description\":\"\",\"caption\":\"\",\"mime\":\"image\/jpeg\",\"type\":\"image\",\"width\":983,\"height\":1353,\"sizes\":{\"thumbnail\":{\"height\":150,\"width\":150,\"url\":\"https:\/\/www.prosalud.org\/wp-content\/uploads\/2024\/07\/Consultorio-Medico-en-Unidad-Movil-Norte-Integrado-150x150.jpg\",\"orientation\":\"landscape\"},\"medium\":{\"height\":300,\"width\":218,\"url\":\"https:\/\/www.prosalud.org\/wp-content\/uploads\/2024\/07\/Consultorio-Medico-en-Unidad-Movil-Norte-Integrado-218x300.jpg\",\"orientation\":\"portrait\"},\"large\":{\"height\":1024,\"width\":744,\"url\":\"https:\/\/www.prosalud.org\/wp-content\/uploads\/2024\/07\/Consultorio-Medico-en-Unidad-Movil-Norte-Integrado-744x1024.jpg\",\"orientation\":\"portrait\"},\"full\":{\"url\":\"https:\/\/www.prosalud.org\/wp-content\/uploads\/2024\/07\/Consultorio-Medico-en-Unidad-Movil-Norte-Integrado.jpg\",\"height\":1353,\"width\":983,\"orientation\":\"portrait\"}},\"imageMeta\":{\"aperture\":\"0\",\"credit\":\"\",\"camera\":\"\",\"caption\":\"\",\"created_timestamp\":\"0\",\"copyright\":\"\",\"focal_length\":\"0\",\"iso\":\"0\",\"shutter_speed\":\"0\",\"title\":\"\",\"orientation\":\"0\",\"keywords\":[]},\"meta\":false,\"postlink\":\"https:\/\/www.prosalud.org\/?attachment_id=668#main\"},{\"id\":669,\"title\":\"Hospital Dr. Nicolas Ort\u00ecz Portachuelo\",\"url\":\"https:\/\/www.prosalud.org\/wp-content\/uploads\/2024\/07\/Hospital-Dr.-Nicolas-Ortiz-Portachuelo.jpg\",\"link\":\"https:\/\/www.prosalud.org\/?attachment_id=669#main\",\"alt\":\"\",\"description\":\"\",\"caption\":\"\",\"mime\":\"image\/jpeg\",\"type\":\"image\",\"width\":1525,\"height\":1200,\"sizes\":{\"thumbnail\":{\"height\":150,\"width\":150,\"url\":\"https:\/\/www.prosalud.org\/wp-content\/uploads\/2024\/07\/Hospital-Dr.-Nicolas-Ortiz-Portachuelo-150x150.jpg\",\"orientation\":\"landscape\"},\"medium\":{\"height\":236,\"width\":300,\"url\":\"https:\/\/www.prosalud.org\/wp-content\/uploads\/2024\/07\/Hospital-Dr.-Nicolas-Ortiz-Portachuelo-300x236.jpg\",\"orientation\":\"landscape\"},\"large\":{\"height\":806,\"width\":1024,\"url\":\"https:\/\/www.prosalud.org\/wp-content\/uploads\/2024\/07\/Hospital-Dr.-Nicolas-Ortiz-Portachuelo-1024x806.jpg\",\"orientation\":\"landscape\"},\"full\":{\"url\":\"https:\/\/www.prosalud.org\/wp-content\/uploads\/2024\/07\/Hospital-Dr.-Nicolas-Ortiz-Portachuelo.jpg\",\"height\":1200,\"width\":1525,\"orientation\":\"landscape\"}},\"imageMeta\":{\"aperture\":\"0\",\"credit\":\"\",\"camera\":\"\",\"caption\":\"\",\"created_timestamp\":\"0\",\"copyright\":\"\",\"focal_length\":\"0\",\"iso\":\"0\",\"shutter_speed\":\"0\",\"title\":\"\",\"orientation\":\"0\",\"keywords\":[]},\"meta\":false,\"postlink\":\"https:\/\/www.prosalud.org\/?attachment_id=669#main\"},{\"id\":670,\"title\":\"Hospital Municipal de San Javier - Chiquitan\u00eca\",\"url\":\"https:\/\/www.prosalud.org\/wp-content\/uploads\/2024\/07\/Hospital-Municipal-de-San-Javier-Chiquitania.jpg\",\"link\":\"https:\/\/www.prosalud.org\/?attachment_id=670#main\",\"alt\":\"\",\"description\":\"\",\"caption\":\"\",\"mime\":\"image\/jpeg\",\"type\":\"image\",\"width\":1500,\"height\":1125,\"sizes\":{\"thumbnail\":{\"height\":150,\"width\":150,\"url\":\"https:\/\/www.prosalud.org\/wp-content\/uploads\/2024\/07\/Hospital-Municipal-de-San-Javier-Chiquitania-150x150.jpg\",\"orientation\":\"landscape\"},\"medium\":{\"height\":225,\"width\":300,\"url\":\"https:\/\/www.prosalud.org\/wp-content\/uploads\/2024\/07\/Hospital-Municipal-de-San-Javier-Chiquitania-300x225.jpg\",\"orientation\":\"landscape\"},\"large\":{\"height\":768,\"width\":1024,\"url\":\"https:\/\/www.prosalud.org\/wp-content\/uploads\/2024\/07\/Hospital-Municipal-de-San-Javier-Chiquitania-1024x768.jpg\",\"orientation\":\"landscape\"},\"full\":{\"url\":\"https:\/\/www.prosalud.org\/wp-content\/uploads\/2024\/07\/Hospital-Municipal-de-San-Javier-Chiquitania.jpg\",\"height\":1125,\"width\":1500,\"orientation\":\"landscape\"}},\"imageMeta\":{\"aperture\":\"0\",\"credit\":\"\",\"camera\":\"\",\"caption\":\"\",\"created_timestamp\":\"0\",\"copyright\":\"\",\"focal_length\":\"0\",\"iso\":\"0\",\"shutter_speed\":\"0\",\"title\":\"\",\"orientation\":\"0\",\"keywords\":[]},\"meta\":false,\"postlink\":\"https:\/\/www.prosalud.org\/?attachment_id=670#main\"},{\"id\":671,\"title\":\"Hospital San Martin de Porres - Montero\",\"url\":\"https:\/\/www.prosalud.org\/wp-content\/uploads\/2024\/07\/Hospital-San-Martin-de-Porres-Montero.jpg\",\"link\":\"https:\/\/www.prosalud.org\/?attachment_id=671#main\",\"alt\":\"\",\"description\":\"\",\"caption\":\"\",\"mime\":\"image\/jpeg\",\"type\":\"image\",\"width\":1600,\"height\":1200,\"sizes\":{\"thumbnail\":{\"height\":150,\"width\":150,\"url\":\"https:\/\/www.prosalud.org\/wp-content\/uploads\/2024\/07\/Hospital-San-Martin-de-Porres-Montero-150x150.jpg\",\"orientation\":\"landscape\"},\"medium\":{\"height\":225,\"width\":300,\"url\":\"https:\/\/www.prosalud.org\/wp-content\/uploads\/2024\/07\/Hospital-San-Martin-de-Porres-Montero-300x225.jpg\",\"orientation\":\"landscape\"},\"large\":{\"height\":768,\"width\":1024,\"url\":\"https:\/\/www.prosalud.org\/wp-content\/uploads\/2024\/07\/Hospital-San-Martin-de-Porres-Montero-1024x768.jpg\",\"orientation\":\"landscape\"},\"full\":{\"url\":\"https:\/\/www.prosalud.org\/wp-content\/uploads\/2024\/07\/Hospital-San-Martin-de-Porres-Montero.jpg\",\"height\":1200,\"width\":1600,\"orientation\":\"landscape\"}},\"imageMeta\":{\"aperture\":\"0\",\"credit\":\"\",\"camera\":\"\",\"caption\":\"\",\"created_timestamp\":\"0\",\"copyright\":\"\",\"focal_length\":\"0\",\"iso\":\"0\",\"shutter_speed\":\"0\",\"title\":\"\",\"orientation\":\"0\",\"keywords\":[]},\"meta\":false,\"postlink\":\"https:\/\/www.prosalud.org\/?attachment_id=671#main\"},{\"id\":672,\"title\":\"Mercado German Moreno - Montero\",\"url\":\"https:\/\/www.prosalud.org\/wp-content\/uploads\/2024\/07\/Mercado-German-Moreno-Montero.jpg\",\"link\":\"https:\/\/www.prosalud.org\/?attachment_id=672#main\",\"alt\":\"\",\"description\":\"\",\"caption\":\"\",\"mime\":\"image\/jpeg\",\"type\":\"image\",\"width\":1600,\"height\":1200,\"sizes\":{\"thumbnail\":{\"height\":150,\"width\":150,\"url\":\"https:\/\/www.prosalud.org\/wp-content\/uploads\/2024\/07\/Mercado-German-Moreno-Montero-150x150.jpg\",\"orientation\":\"landscape\"},\"medium\":{\"height\":225,\"width\":300,\"url\":\"https:\/\/www.prosalud.org\/wp-content\/uploads\/2024\/07\/Mercado-German-Moreno-Montero-300x225.jpg\",\"orientation\":\"landscape\"},\"large\":{\"height\":768,\"width\":1024,\"url\":\"https:\/\/www.prosalud.org\/wp-content\/uploads\/2024\/07\/Mercado-German-Moreno-Montero-1024x768.jpg\",\"orientation\":\"landscape\"},\"full\":{\"url\":\"https:\/\/www.prosalud.org\/wp-content\/uploads\/2024\/07\/Mercado-German-Moreno-Montero.jpg\",\"height\":1200,\"width\":1600,\"orientation\":\"landscape\"}},\"imageMeta\":{\"aperture\":\"0\",\"credit\":\"\",\"camera\":\"\",\"caption\":\"\",\"created_timestamp\":\"0\",\"copyright\":\"\",\"focal_length\":\"0\",\"iso\":\"0\",\"shutter_speed\":\"0\",\"title\":\"\",\"orientation\":\"0\",\"keywords\":[]},\"meta\":false,\"postlink\":\"https:\/\/www.prosalud.org\/?attachment_id=672#main\"},{\"id\":673,\"title\":\"Personal de Salud Brinda informaci\u00f2n - Hos\u00ectal Municipal de Concepci\u00f2n - Chiquitan\u00eca\",\"url\":\"https:\/\/www.prosalud.org\/wp-content\/uploads\/2024\/07\/Personal-de-Salud-Brinda-informacion-Hosital-Municipal-de-Concepcion-Chiquitania.jpg\",\"link\":\"https:\/\/www.prosalud.org\/?attachment_id=673#main\",\"alt\":\"\",\"description\":\"\",\"caption\":\"\",\"mime\":\"image\/jpeg\",\"type\":\"image\",\"width\":1200,\"height\":1600,\"sizes\":{\"thumbnail\":{\"height\":150,\"width\":150,\"url\":\"https:\/\/www.prosalud.org\/wp-content\/uploads\/2024\/07\/Personal-de-Salud-Brinda-informacion-Hosital-Municipal-de-Concepcion-Chiquitania-150x150.jpg\",\"orientation\":\"landscape\"},\"medium\":{\"height\":300,\"width\":225,\"url\":\"https:\/\/www.prosalud.org\/wp-content\/uploads\/2024\/07\/Personal-de-Salud-Brinda-informacion-Hosital-Municipal-de-Concepcion-Chiquitania-225x300.jpg\",\"orientation\":\"portrait\"},\"large\":{\"height\":1024,\"width\":768,\"url\":\"https:\/\/www.prosalud.org\/wp-content\/uploads\/2024\/07\/Personal-de-Salud-Brinda-informacion-Hosital-Municipal-de-Concepcion-Chiquitania-768x1024.jpg\",\"orientation\":\"portrait\"},\"full\":{\"url\":\"https:\/\/www.prosalud.org\/wp-content\/uploads\/2024\/07\/Personal-de-Salud-Brinda-informacion-Hosital-Municipal-de-Concepcion-Chiquitania.jpg\",\"height\":1600,\"width\":1200,\"orientation\":\"portrait\"}},\"imageMeta\":{\"aperture\":\"0\",\"credit\":\"\",\"camera\":\"\",\"caption\":\"\",\"created_timestamp\":\"0\",\"copyright\":\"\",\"focal_length\":\"0\",\"iso\":\"0\",\"shutter_speed\":\"0\",\"title\":\"\",\"orientation\":\"0\",\"keywords\":[]},\"meta\":false,\"postlink\":\"https:\/\/www.prosalud.org\/?attachment_id=673#main\"},{\"id\":674,\"title\":\"Personal de Salud Brindando informaci\u00f2n - Norte Integrado\",\"url\":\"https:\/\/www.prosalud.org\/wp-content\/uploads\/2024\/07\/Personal-de-Salud-Brindando-informacion-Norte-Integrado.jpg\",\"link\":\"https:\/\/www.prosalud.org\/?attachment_id=674#main\",\"alt\":\"\",\"description\":\"\",\"caption\":\"\",\"mime\":\"image\/jpeg\",\"type\":\"image\",\"width\":1200,\"height\":1600,\"sizes\":{\"thumbnail\":{\"height\":150,\"width\":150,\"url\":\"https:\/\/www.prosalud.org\/wp-content\/uploads\/2024\/07\/Personal-de-Salud-Brindando-informacion-Norte-Integrado-150x150.jpg\",\"orientation\":\"landscape\"},\"medium\":{\"height\":300,\"width\":225,\"url\":\"https:\/\/www.prosalud.org\/wp-content\/uploads\/2024\/07\/Personal-de-Salud-Brindando-informacion-Norte-Integrado-225x300.jpg\",\"orientation\":\"portrait\"},\"large\":{\"height\":1024,\"width\":768,\"url\":\"https:\/\/www.prosalud.org\/wp-content\/uploads\/2024\/07\/Personal-de-Salud-Brindando-informacion-Norte-Integrado-768x1024.jpg\",\"orientation\":\"portrait\"},\"full\":{\"url\":\"https:\/\/www.prosalud.org\/wp-content\/uploads\/2024\/07\/Personal-de-Salud-Brindando-informacion-Norte-Integrado.jpg\",\"height\":1600,\"width\":1200,\"orientation\":\"portrait\"}},\"imageMeta\":{\"aperture\":\"0\",\"credit\":\"\",\"camera\":\"\",\"caption\":\"\",\"created_timestamp\":\"0\",\"copyright\":\"\",\"focal_length\":\"0\",\"iso\":\"0\",\"shutter_speed\":\"0\",\"title\":\"\",\"orientation\":\"0\",\"keywords\":[]},\"meta\":false,\"postlink\":\"https:\/\/www.prosalud.org\/?attachment_id=674#main\"}],\"customCSS\":\".pgcsimplygalleryblock-grid-collection{\\n    margin: 0 auto;\\tmax-width: 900px;\\n    text-align: center;\\n}\\n\",\"sliderItemCounterEnable\":false,\"sliderThumbBarEnable\":false,\"sliderNavigationColor\":\"rgba(0,0,0,0)\",\"sliderNavigationColorOver\":\"rgba(235,136,0,1)\",\"sliderNavigationIconColorOver\":\"rgba(255,255,255,1)\",\"sliderSlideshow\":false,\"sliderThumbSubMenuBackgroundColor\":\"rgba(235,136,0,1)\",\"sliderThumbSubMenuIconHoverColor\":\"rgba(235,136,0,1)\",\"sliderSocialShareEnabled\":false,\"sliderZoomEnable\":false,\"sliderFullscreenEnabled\":false,\"openPopupId\":\"\",\"itemsMetaDataCollection\":[]}<\/script><script>(function(){if(window.PGC_SGB && window.PGC_SGB.searcher){window.PGC_SGB.searcher.initBlocks()}})()<\/script><\/div>","protected":false},"excerpt":{"rendered":"<p>Proyecto PROCOSI &#8211; Identificaci\u00f3n temprana de lesiones cervicouterinas &#8211; Inspecci\u00f3n Visual con \u00c1cido Ac\u00e9tico (IVAA) Contribuir a mejorar la detecci\u00f3n temprana de lesiones cervicouterinas mediante [&hellip;]<\/p>\n","protected":false},"author":1,"featured_media":216,"parent":0,"menu_order":0,"comment_status":"closed","ping_status":"closed","template":"","meta":{"pgc_sgb_lightbox_settings":"","footnotes":""},"class_list":["post-659","page","type-page","status-publish","has-post-thumbnail","hentry"],"_links":{"self":[{"href":"https:\/\/www.prosalud.org\/index.php?rest_route=\/wp\/v2\/pages\/659","targetHints":{"allow":["GET"]}}],"collection":[{"href":"https:\/\/www.prosalud.org\/index.php?rest_route=\/wp\/v2\/pages"}],"about":[{"href":"https:\/\/www.prosalud.org\/index.php?rest_route=\/wp\/v2\/types\/page"}],"author":[{"embeddable":true,"href":"https:\/\/www.prosalud.org\/index.php?rest_route=\/wp\/v2\/users\/1"}],"replies":[{"embeddable":true,"href":"https:\/\/www.prosalud.org\/index.php?rest_route=%2Fwp%2Fv2%2Fcomments&post=659"}],"version-history":[{"count":4,"href":"https:\/\/www.prosalud.org\/index.php?rest_route=\/wp\/v2\/pages\/659\/revisions"}],"predecessor-version":[{"id":679,"href":"https:\/\/www.prosalud.org\/index.php?rest_route=\/wp\/v2\/pages\/659\/revisions\/679"}],"wp:featuredmedia":[{"embeddable":true,"href":"https:\/\/www.prosalud.org\/index.php?rest_route=\/wp\/v2\/media\/216"}],"wp:attachment":[{"href":"https:\/\/www.prosalud.org\/index.php?rest_route=%2Fwp%2Fv2%2Fmedia&parent=659"}],"curies":[{"name":"wp","href":"https:\/\/api.w.org\/{rel}","templated":true}]}}